{"id":1850,"date":"2024-02-12T09:16:24","date_gmt":"2024-02-12T14:16:24","guid":{"rendered":"https:\/\/municorani.gob.pe\/?page_id=1850"},"modified":"2024-02-12T11:25:54","modified_gmt":"2024-02-12T16:25:54","slug":"aniversario-provincia-de-carabaya-2024","status":"publish","type":"page","link":"https:\/\/municorani.gob.pe\/index.php\/aniversario-provincia-de-carabaya-2024\/","title":{"rendered":"ANIVERSARIO PROVINCIA DE CARABAYA-2024"},"content":{"rendered":"<div dir=\"auto\"><img loading=\"lazy\" decoding=\"async\" class=\"alignnone size-large wp-image-1856\" src=\"https:\/\/municorani.gob.pe\/wp-content\/uploads\/2024\/02\/PORTADA-4-1-1024x307.jpg\" alt=\"\" width=\"847\" height=\"254\" srcset=\"https:\/\/municorani.gob.pe\/wp-content\/uploads\/2024\/02\/PORTADA-4-1-1024x307.jpg 1024w, https:\/\/municorani.gob.pe\/wp-content\/uploads\/2024\/02\/PORTADA-4-1-300x90.jpg 300w, https:\/\/municorani.gob.pe\/wp-content\/uploads\/2024\/02\/PORTADA-4-1-768x230.jpg 768w, https:\/\/municorani.gob.pe\/wp-content\/uploads\/2024\/02\/PORTADA-4-1-1536x460.jpg 1536w, https:\/\/municorani.gob.pe\/wp-content\/uploads\/2024\/02\/PORTADA-4-1-360x108.jpg 360w, https:\/\/municorani.gob.pe\/wp-content\/uploads\/2024\/02\/PORTADA-4-1.jpg 2002w\" sizes=\"auto, (max-width: 847px) 100vw, 847px\" \/><\/div>\n<div dir=\"auto\">\ud835\udc00\ud835\udc0b\ud835\udc02\ud835\udc00\ud835\udc0b\ud835\udc03\ud835\udc04 \ud835\udc03\ud835\udc08\ud835\udc12\ud835\udc13\ud835\udc11\ud835\udc08\ud835\udc13\ud835\udc00\ud835\udc0b \ud835\udc03\ud835\udc04 \ud835\udc02\ud835\udc0e\ud835\udc11\ud835\udc00\ud835\udc0d\ud835\udc08 \ud835\udc09\ud835\udc14\ud835\udc0d\ud835\udc13\ud835\udc0e \ud835\udc00 \ud835\udc0b\ud835\udc0e\ud835\udc12 \ud835\udc11\ud835\udc04\ud835\udc06\ud835\udc08\ud835\udc03\ud835\udc0e\ud835\udc11\ud835\udc04\ud835\udc12 \ud835\udc0f\ud835\udc00\ud835\udc11\ud835\udc13\ud835\udc08\ud835\udc02\ud835\udc08\ud835\udc0f\u00d3 \ud835\udc03\ud835\udc04 \ud835\udc02\ud835\udc04\ud835\udc11\ud835\udc04\ud835\udc0c\ud835\udc0e\ud835\udc0d\ud835\udc08\ud835\udc00 \ud835\udc02\ud835\udc04\ud835\udc0d\ud835\udc13\ud835\udc11\ud835\udc00\ud835\udc0b \ud835\udc0f\ud835\udc0e\ud835\udc11 \ud835\udc04\ud835\udc0b \ud835\udfcf\ud835\udfd2\ud835\udfd7 \ud835\udc00\ud835\udc0d\ud835\udc08\ud835\udc15\ud835\udc04\ud835\udc11\ud835\udc12\ud835\udc00\ud835\udc11\ud835\udc08\ud835\udc0e \ud835\udc03\ud835\udc04 \ud835\udc0b\ud835\udc00 \ud835\udc0f\ud835\udc11\ud835\udc0e\ud835\udc15\ud835\udc08\ud835\udc0d\ud835\udc02\ud835\udc08\ud835\udc00 \ud835\udc03\ud835\udc04 \ud835\udc02\ud835\udc00\ud835\udc11\ud835\udc00\ud835\udc01\ud835\udc00\ud835\udc18\ud835\udc00<\/div>\n<div dir=\"auto\">El alcalde de la Municipalidad Distrital de Corani, CPC. Patricio D\u00e1vila Castellanos, cuerpo de regidores y funcionarios, particip\u00f3 en la ceremonia central y desfile c\u00edvico por el 149 aniversario de creaci\u00f3n pol\u00edtica de la provincia de Carabaya &#8211; Macusani.<\/div>\n<div dir=\"auto\">A nombre del concejo pleno y pueblo de Corani, expres\u00f3 su c\u00e1lido saludo a los hermanos y hermanas de la provincia de Carabaya, en la ceremonia de sesi\u00f3n solemne entrego la medalla de la ciudad, la resoluci\u00f3n y presentes a la autoridad provincial, siempre deseando el desarrollo de la provincia de Carabaya.<\/div>\n<div dir=\"auto\">Asimismo, participaron del desfile c\u00edvico, el concejo municipal, trabajadores, los centros poblados y comunidades campesinas del distrito, quienes dejaron en alto el nombre del distrito de Corani cuna de los Ronderos.<a href=\"https:\/\/www.facebook.com\/photo\/?fbid=319253071115940&amp;set=pcb.319254424449138\"><img loading=\"lazy\" decoding=\"async\" class=\"size-large wp-image-1854 aligncenter\" src=\"https:\/\/municorani.gob.pe\/wp-content\/uploads\/2024\/02\/425761546_319253047782609_200176450191660708_n-1024x683.jpg\" alt=\"\" width=\"847\" height=\"565\" srcset=\"https:\/\/municorani.gob.pe\/wp-content\/uploads\/2024\/02\/425761546_319253047782609_200176450191660708_n-1024x683.jpg 1024w, https:\/\/municorani.gob.pe\/wp-content\/uploads\/2024\/02\/425761546_319253047782609_200176450191660708_n-300x200.jpg 300w, https:\/\/municorani.gob.pe\/wp-content\/uploads\/2024\/02\/425761546_319253047782609_200176450191660708_n-768x512.jpg 768w, https:\/\/municorani.gob.pe\/wp-content\/uploads\/2024\/02\/425761546_319253047782609_200176450191660708_n-1536x1024.jpg 1536w, https:\/\/municorani.gob.pe\/wp-content\/uploads\/2024\/02\/425761546_319253047782609_200176450191660708_n-360x240.jpg 360w, https:\/\/municorani.gob.pe\/wp-content\/uploads\/2024\/02\/425761546_319253047782609_200176450191660708_n.jpg 2048w\" sizes=\"auto, (max-width: 847px) 100vw, 847px\" \/><\/a><\/div>\n","protected":false},"excerpt":{"rendered":"<p>\ud835\udc00\ud835\udc0b\ud835\udc02\ud835\udc00\ud835\udc0b\ud835\udc03\ud835\udc04 \ud835\udc03\ud835\udc08\ud835\udc12\ud835\udc13\ud835\udc11\ud835\udc08\ud835\udc13\ud835\udc00\ud835\udc0b \ud835\udc03\ud835\udc04 \ud835\udc02\ud835\udc0e\ud835\udc11\ud835\udc00\ud835\udc0d\ud835\udc08 \ud835\udc09\ud835\udc14\ud835\udc0d\ud835\udc13\ud835\udc0e \ud835\udc00 \ud835\udc0b\ud835\udc0e\ud835\udc12 \ud835\udc11\ud835\udc04\ud835\udc06\ud835\udc08\ud835\udc03\ud835\udc0e\ud835\udc11\ud835\udc04\ud835\udc12 \ud835\udc0f\ud835\udc00\ud835\udc11\ud835\udc13\ud835\udc08\ud835\udc02\ud835\udc08\ud835\udc0f\u00d3 \ud835\udc03\ud835\udc04 \ud835\udc02\ud835\udc04\ud835\udc11\ud835\udc04\ud835\udc0c\ud835\udc0e\ud835\udc0d\ud835\udc08\ud835\udc00 \ud835\udc02\ud835\udc04\ud835\udc0d\ud835\udc13\ud835\udc11\ud835\udc00\ud835\udc0b \ud835\udc0f\ud835\udc0e\ud835\udc11 \ud835\udc04\ud835\udc0b \ud835\udfcf\ud835\udfd2\ud835\udfd7 \ud835\udc00\ud835\udc0d\ud835\udc08\ud835\udc15\ud835\udc04\ud835\udc11\ud835\udc12\ud835\udc00\ud835\udc11\ud835\udc08\ud835\udc0e \ud835\udc03\ud835\udc04 \ud835\udc0b\ud835\udc00 \ud835\udc0f\ud835\udc11\ud835\udc0e\ud835\udc15\ud835\udc08\ud835\udc0d\ud835\udc02\ud835\udc08\ud835\udc00 \ud835\udc03\ud835\udc04 \ud835\udc02\ud835\udc00\ud835\udc11\ud835\udc00\ud835\udc01\ud835\udc00\ud835\udc18\ud835\udc00 El alcalde de la Municipalidad Distrital de Corani, CPC. Patricio D\u00e1vila Castellanos, cuerpo de regidores y funcionarios, particip\u00f3 en la ceremonia central y desfile c\u00edvico por el 149 aniversario de creaci\u00f3n pol\u00edtica de la provincia de Carabaya &#8211; Macusani. A nombre del concejo pleno y pueblo de Corani, expres\u00f3 <a href=\"https:\/\/municorani.gob.pe\/index.php\/aniversario-provincia-de-carabaya-2024\/\" class=\"read-more\">Leer m\u00e1s&#8230;<\/a><\/p>\n","protected":false},"author":1,"featured_media":1856,"parent":0,"menu_order":0,"comment_status":"closed","ping_status":"closed","template":"","meta":{"footnotes":""},"class_list":["post-1850","page","type-page","status-publish","has-post-thumbnail","hentry"],"yoast_head":"<!-- This site is optimized with the Yoast SEO plugin v17.7.1 - https:\/\/yoast.com\/wordpress\/plugins\/seo\/ -->\n<title>ANIVERSARIO PROVINCIA DE CARABAYA-2024 - MUNICIPALIDAD DISTRITAL DE CORANI<\/title>\n<meta name=\"robots\" content=\"index, follow, max-snippet:-1, max-image-preview:large, max-video-preview:-1\" \/>\n<link rel=\"canonical\" href=\"https:\/\/municorani.gob.pe\/index.php\/aniversario-provincia-de-carabaya-2024\/\" \/>\n<meta property=\"og:locale\" content=\"es_ES\" \/>\n<meta property=\"og:type\" content=\"article\" \/>\n<meta property=\"og:title\" content=\"ANIVERSARIO PROVINCIA DE CARABAYA-2024 - MUNICIPALIDAD DISTRITAL DE CORANI\" \/>\n<meta property=\"og:description\" content=\"\ud835\udc00\ud835\udc0b\ud835\udc02\ud835\udc00\ud835\udc0b\ud835\udc03\ud835\udc04 \ud835\udc03\ud835\udc08\ud835\udc12\ud835\udc13\ud835\udc11\ud835\udc08\ud835\udc13\ud835\udc00\ud835\udc0b \ud835\udc03\ud835\udc04 \ud835\udc02\ud835\udc0e\ud835\udc11\ud835\udc00\ud835\udc0d\ud835\udc08 \ud835\udc09\ud835\udc14\ud835\udc0d\ud835\udc13\ud835\udc0e \ud835\udc00 \ud835\udc0b\ud835\udc0e\ud835\udc12 \ud835\udc11\ud835\udc04\ud835\udc06\ud835\udc08\ud835\udc03\ud835\udc0e\ud835\udc11\ud835\udc04\ud835\udc12 \ud835\udc0f\ud835\udc00\ud835\udc11\ud835\udc13\ud835\udc08\ud835\udc02\ud835\udc08\ud835\udc0f\u00d3 \ud835\udc03\ud835\udc04 \ud835\udc02\ud835\udc04\ud835\udc11\ud835\udc04\ud835\udc0c\ud835\udc0e\ud835\udc0d\ud835\udc08\ud835\udc00 \ud835\udc02\ud835\udc04\ud835\udc0d\ud835\udc13\ud835\udc11\ud835\udc00\ud835\udc0b \ud835\udc0f\ud835\udc0e\ud835\udc11 \ud835\udc04\ud835\udc0b \ud835\udfcf\ud835\udfd2\ud835\udfd7 \ud835\udc00\ud835\udc0d\ud835\udc08\ud835\udc15\ud835\udc04\ud835\udc11\ud835\udc12\ud835\udc00\ud835\udc11\ud835\udc08\ud835\udc0e \ud835\udc03\ud835\udc04 \ud835\udc0b\ud835\udc00 \ud835\udc0f\ud835\udc11\ud835\udc0e\ud835\udc15\ud835\udc08\ud835\udc0d\ud835\udc02\ud835\udc08\ud835\udc00 \ud835\udc03\ud835\udc04 \ud835\udc02\ud835\udc00\ud835\udc11\ud835\udc00\ud835\udc01\ud835\udc00\ud835\udc18\ud835\udc00 El alcalde de la Municipalidad Distrital de Corani, CPC. Patricio D\u00e1vila Castellanos, cuerpo de regidores y funcionarios, particip\u00f3 en la ceremonia central y desfile c\u00edvico por el 149 aniversario de creaci\u00f3n pol\u00edtica de la provincia de Carabaya &#8211; Macusani. A nombre del concejo pleno y pueblo de Corani, expres\u00f3 Leer m\u00e1s...\" \/>\n<meta property=\"og:url\" content=\"https:\/\/municorani.gob.pe\/index.php\/aniversario-provincia-de-carabaya-2024\/\" \/>\n<meta property=\"og:site_name\" content=\"MUNICIPALIDAD DISTRITAL DE CORANI\" \/>\n<meta property=\"article:modified_time\" content=\"2024-02-12T16:25:54+00:00\" \/>\n<meta property=\"og:image\" content=\"https:\/\/municorani.gob.pe\/wp-content\/uploads\/2024\/02\/PORTADA-4-1.jpg\" \/>\n\t<meta property=\"og:image:width\" content=\"2002\" \/>\n\t<meta property=\"og:image:height\" content=\"600\" \/>\n<meta name=\"twitter:card\" content=\"summary_large_image\" \/>\n<meta name=\"twitter:label1\" content=\"Tiempo de lectura\" \/>\n\t<meta name=\"twitter:data1\" content=\"1 minuto\" \/>\n<script type=\"application\/ld+json\" class=\"yoast-schema-graph\">{\"@context\":\"https:\/\/schema.org\",\"@graph\":[{\"@type\":\"WebSite\",\"@id\":\"https:\/\/municorani.gob.pe\/#website\",\"url\":\"https:\/\/municorani.gob.pe\/\",\"name\":\"MUNICIPALIDAD DISTRITAL DE CORANI\",\"description\":\"&quot;Cuna de las Rondas Campesinas&quot;\",\"potentialAction\":[{\"@type\":\"SearchAction\",\"target\":{\"@type\":\"EntryPoint\",\"urlTemplate\":\"https:\/\/municorani.gob.pe\/?s={search_term_string}\"},\"query-input\":\"required name=search_term_string\"}],\"inLanguage\":\"es\"},{\"@type\":\"ImageObject\",\"@id\":\"https:\/\/municorani.gob.pe\/index.php\/aniversario-provincia-de-carabaya-2024\/#primaryimage\",\"inLanguage\":\"es\",\"url\":\"https:\/\/municorani.gob.pe\/wp-content\/uploads\/2024\/02\/PORTADA-4-1.jpg\",\"contentUrl\":\"https:\/\/municorani.gob.pe\/wp-content\/uploads\/2024\/02\/PORTADA-4-1.jpg\",\"width\":2002,\"height\":600},{\"@type\":\"WebPage\",\"@id\":\"https:\/\/municorani.gob.pe\/index.php\/aniversario-provincia-de-carabaya-2024\/#webpage\",\"url\":\"https:\/\/municorani.gob.pe\/index.php\/aniversario-provincia-de-carabaya-2024\/\",\"name\":\"ANIVERSARIO PROVINCIA DE CARABAYA-2024 - MUNICIPALIDAD DISTRITAL DE CORANI\",\"isPartOf\":{\"@id\":\"https:\/\/municorani.gob.pe\/#website\"},\"primaryImageOfPage\":{\"@id\":\"https:\/\/municorani.gob.pe\/index.php\/aniversario-provincia-de-carabaya-2024\/#primaryimage\"},\"datePublished\":\"2024-02-12T14:16:24+00:00\",\"dateModified\":\"2024-02-12T16:25:54+00:00\",\"breadcrumb\":{\"@id\":\"https:\/\/municorani.gob.pe\/index.php\/aniversario-provincia-de-carabaya-2024\/#breadcrumb\"},\"inLanguage\":\"es\",\"potentialAction\":[{\"@type\":\"ReadAction\",\"target\":[\"https:\/\/municorani.gob.pe\/index.php\/aniversario-provincia-de-carabaya-2024\/\"]}]},{\"@type\":\"BreadcrumbList\",\"@id\":\"https:\/\/municorani.gob.pe\/index.php\/aniversario-provincia-de-carabaya-2024\/#breadcrumb\",\"itemListElement\":[{\"@type\":\"ListItem\",\"position\":1,\"name\":\"Portada\",\"item\":\"https:\/\/municorani.gob.pe\/\"},{\"@type\":\"ListItem\",\"position\":2,\"name\":\"ANIVERSARIO PROVINCIA DE CARABAYA-2024\"}]}]}<\/script>\n<!-- \/ Yoast SEO plugin. -->","yoast_head_json":{"title":"ANIVERSARIO PROVINCIA DE CARABAYA-2024 - MUNICIPALIDAD DISTRITAL DE CORANI","robots":{"index":"index","follow":"follow","max-snippet":"max-snippet:-1","max-image-preview":"max-image-preview:large","max-video-preview":"max-video-preview:-1"},"canonical":"https:\/\/municorani.gob.pe\/index.php\/aniversario-provincia-de-carabaya-2024\/","og_locale":"es_ES","og_type":"article","og_title":"ANIVERSARIO PROVINCIA DE CARABAYA-2024 - MUNICIPALIDAD DISTRITAL DE CORANI","og_description":"\ud835\udc00\ud835\udc0b\ud835\udc02\ud835\udc00\ud835\udc0b\ud835\udc03\ud835\udc04 \ud835\udc03\ud835\udc08\ud835\udc12\ud835\udc13\ud835\udc11\ud835\udc08\ud835\udc13\ud835\udc00\ud835\udc0b \ud835\udc03\ud835\udc04 \ud835\udc02\ud835\udc0e\ud835\udc11\ud835\udc00\ud835\udc0d\ud835\udc08 \ud835\udc09\ud835\udc14\ud835\udc0d\ud835\udc13\ud835\udc0e \ud835\udc00 \ud835\udc0b\ud835\udc0e\ud835\udc12 \ud835\udc11\ud835\udc04\ud835\udc06\ud835\udc08\ud835\udc03\ud835\udc0e\ud835\udc11\ud835\udc04\ud835\udc12 \ud835\udc0f\ud835\udc00\ud835\udc11\ud835\udc13\ud835\udc08\ud835\udc02\ud835\udc08\ud835\udc0f\u00d3 \ud835\udc03\ud835\udc04 \ud835\udc02\ud835\udc04\ud835\udc11\ud835\udc04\ud835\udc0c\ud835\udc0e\ud835\udc0d\ud835\udc08\ud835\udc00 \ud835\udc02\ud835\udc04\ud835\udc0d\ud835\udc13\ud835\udc11\ud835\udc00\ud835\udc0b \ud835\udc0f\ud835\udc0e\ud835\udc11 \ud835\udc04\ud835\udc0b \ud835\udfcf\ud835\udfd2\ud835\udfd7 \ud835\udc00\ud835\udc0d\ud835\udc08\ud835\udc15\ud835\udc04\ud835\udc11\ud835\udc12\ud835\udc00\ud835\udc11\ud835\udc08\ud835\udc0e \ud835\udc03\ud835\udc04 \ud835\udc0b\ud835\udc00 \ud835\udc0f\ud835\udc11\ud835\udc0e\ud835\udc15\ud835\udc08\ud835\udc0d\ud835\udc02\ud835\udc08\ud835\udc00 \ud835\udc03\ud835\udc04 \ud835\udc02\ud835\udc00\ud835\udc11\ud835\udc00\ud835\udc01\ud835\udc00\ud835\udc18\ud835\udc00 El alcalde de la Municipalidad Distrital de Corani, CPC. Patricio D\u00e1vila Castellanos, cuerpo de regidores y funcionarios, particip\u00f3 en la ceremonia central y desfile c\u00edvico por el 149 aniversario de creaci\u00f3n pol\u00edtica de la provincia de Carabaya &#8211; Macusani. A nombre del concejo pleno y pueblo de Corani, expres\u00f3 Leer m\u00e1s...","og_url":"https:\/\/municorani.gob.pe\/index.php\/aniversario-provincia-de-carabaya-2024\/","og_site_name":"MUNICIPALIDAD DISTRITAL DE CORANI","article_modified_time":"2024-02-12T16:25:54+00:00","og_image":[{"width":2002,"height":600,"url":"https:\/\/municorani.gob.pe\/wp-content\/uploads\/2024\/02\/PORTADA-4-1.jpg","type":"image\/jpeg"}],"twitter_card":"summary_large_image","twitter_misc":{"Tiempo de lectura":"1 minuto"},"schema":{"@context":"https:\/\/schema.org","@graph":[{"@type":"WebSite","@id":"https:\/\/municorani.gob.pe\/#website","url":"https:\/\/municorani.gob.pe\/","name":"MUNICIPALIDAD DISTRITAL DE CORANI","description":"&quot;Cuna de las Rondas Campesinas&quot;","potentialAction":[{"@type":"SearchAction","target":{"@type":"EntryPoint","urlTemplate":"https:\/\/municorani.gob.pe\/?s={search_term_string}"},"query-input":"required name=search_term_string"}],"inLanguage":"es"},{"@type":"ImageObject","@id":"https:\/\/municorani.gob.pe\/index.php\/aniversario-provincia-de-carabaya-2024\/#primaryimage","inLanguage":"es","url":"https:\/\/municorani.gob.pe\/wp-content\/uploads\/2024\/02\/PORTADA-4-1.jpg","contentUrl":"https:\/\/municorani.gob.pe\/wp-content\/uploads\/2024\/02\/PORTADA-4-1.jpg","width":2002,"height":600},{"@type":"WebPage","@id":"https:\/\/municorani.gob.pe\/index.php\/aniversario-provincia-de-carabaya-2024\/#webpage","url":"https:\/\/municorani.gob.pe\/index.php\/aniversario-provincia-de-carabaya-2024\/","name":"ANIVERSARIO PROVINCIA DE CARABAYA-2024 - MUNICIPALIDAD DISTRITAL DE CORANI","isPartOf":{"@id":"https:\/\/municorani.gob.pe\/#website"},"primaryImageOfPage":{"@id":"https:\/\/municorani.gob.pe\/index.php\/aniversario-provincia-de-carabaya-2024\/#primaryimage"},"datePublished":"2024-02-12T14:16:24+00:00","dateModified":"2024-02-12T16:25:54+00:00","breadcrumb":{"@id":"https:\/\/municorani.gob.pe\/index.php\/aniversario-provincia-de-carabaya-2024\/#breadcrumb"},"inLanguage":"es","potentialAction":[{"@type":"ReadAction","target":["https:\/\/municorani.gob.pe\/index.php\/aniversario-provincia-de-carabaya-2024\/"]}]},{"@type":"BreadcrumbList","@id":"https:\/\/municorani.gob.pe\/index.php\/aniversario-provincia-de-carabaya-2024\/#breadcrumb","itemListElement":[{"@type":"ListItem","position":1,"name":"Portada","item":"https:\/\/municorani.gob.pe\/"},{"@type":"ListItem","position":2,"name":"ANIVERSARIO PROVINCIA DE CARABAYA-2024"}]}]}},"_links":{"self":[{"href":"https:\/\/municorani.gob.pe\/index.php\/wp-json\/wp\/v2\/pages\/1850","targetHints":{"allow":["GET"]}}],"collection":[{"href":"https:\/\/municorani.gob.pe\/index.php\/wp-json\/wp\/v2\/pages"}],"about":[{"href":"https:\/\/municorani.gob.pe\/index.php\/wp-json\/wp\/v2\/types\/page"}],"author":[{"embeddable":true,"href":"https:\/\/municorani.gob.pe\/index.php\/wp-json\/wp\/v2\/users\/1"}],"replies":[{"embeddable":true,"href":"https:\/\/municorani.gob.pe\/index.php\/wp-json\/wp\/v2\/comments?post=1850"}],"version-history":[{"count":2,"href":"https:\/\/municorani.gob.pe\/index.php\/wp-json\/wp\/v2\/pages\/1850\/revisions"}],"predecessor-version":[{"id":1858,"href":"https:\/\/municorani.gob.pe\/index.php\/wp-json\/wp\/v2\/pages\/1850\/revisions\/1858"}],"wp:featuredmedia":[{"embeddable":true,"href":"https:\/\/municorani.gob.pe\/index.php\/wp-json\/wp\/v2\/media\/1856"}],"wp:attachment":[{"href":"https:\/\/municorani.gob.pe\/index.php\/wp-json\/wp\/v2\/media?parent=1850"}],"curies":[{"name":"wp","href":"https:\/\/api.w.org\/{rel}","templated":true}]}}